{"id":12227,"date":"2019-11-05T12:27:05","date_gmt":"2019-11-05T12:27:05","guid":{"rendered":"https:\/\/sites-stage.familylife.com\/arte-de-ser-padres\/?page_id=10764"},"modified":"2020-02-11T18:44:11","modified_gmt":"2020-02-11T18:44:11","slug":"el-equipo-de-expositores","status":"publish","type":"page","link":"https:\/\/www.vidaenfamilia.org\/ser-padres\/el-equipo-de-expositores\/","title":{"rendered":"El equipo de expositores"},"content":{"rendered":"\t\t<div data-elementor-type=\"wp-page\" data-elementor-id=\"12227\" class=\"elementor elementor-12227\" data-elementor-post-type=\"page\">\n\t\t\t\t\t\t<section data-particle_enable=\"false\" data-particle-mobile-disabled=\"false\" class=\"elementor-section elementor-top-section elementor-element elementor-element-208471d elementor-section-stretched elementor-section-height-min-height elementor-section-boxed elementor-section-height-default elementor-section-items-middle\" data-id=\"208471d\" data-element_type=\"section\" id=\"aop-expositores\" data-settings=\"{&quot;stretch_section&quot;:&quot;section-stretched&quot;,&quot;background_background&quot;:&quot;classic&quot;}\">\n\t\t\t\t\t\t\t<div class=\"elementor-background-overlay\"><\/div>\n\t\t\t\t\t\t\t<div class=\"elementor-container elementor-column-gap-default\">\n\t\t\t\t\t<div class=\"elementor-column elementor-col-50 elementor-top-column elementor-element elementor-element-3e590ba\" data-id=\"3e590ba\" data-element_type=\"column\">\n\t\t\t<div class=\"elementor-widget-wrap elementor-element-populated\">\n\t\t\t\t\t\t<div class=\"elementor-element elementor-element-65dd56f elementor-widget elementor-widget-spacer\" data-id=\"65dd56f\" data-element_type=\"widget\" data-widget_type=\"spacer.default\">\n\t\t\t\t<div class=\"elementor-widget-container\">\n\t\t\t\t\t\t\t<div class=\"elementor-spacer\">\n\t\t\t<div class=\"elementor-spacer-inner\"><\/div>\n\t\t<\/div>\n\t\t\t\t\t\t<\/div>\n\t\t\t\t<\/div>\n\t\t\t\t<div class=\"elementor-element elementor-element-9cfaa98 elementor-widget elementor-widget-heading\" data-id=\"9cfaa98\" data-element_type=\"widget\" data-widget_type=\"heading.default\">\n\t\t\t\t<div class=\"elementor-widget-container\">\n\t\t\t\t\t<h1 class=\"elementor-heading-title elementor-size-default\">Expertos de El Arte de Ser Padres<sup>\u00ae<\/sup> de FamilyLife<\/h1>\t\t\t\t<\/div>\n\t\t\t\t<\/div>\n\t\t\t\t<div class=\"elementor-element elementor-element-71831f1 elementor-widget elementor-widget-text-editor\" data-id=\"71831f1\" data-element_type=\"widget\" data-widget_type=\"text-editor.default\">\n\t\t\t\t<div class=\"elementor-widget-container\">\n\t\t\t\t\t\t\t\t\t<p style=\"color: #ffffff;\">La serie de estudios de El Arte de Ser Padres<sup>\u00ae<\/sup> no es solo una grabaci\u00f3n de uno o dos oradores en una conferencia para padres. Esta serie \u00fanica de estudios b\u00edblicos en video para grupos peque\u00f1os presenta un panel de expertos confiables para ayudarnos a comprender los comprobados principios b\u00edblicos para criar a nuestros hijos. Comparten desde la experiencia personal y el entrenamiento b\u00edblico. La ense\u00f1anza experta se entrelaza con historias de la vida real, vi\u00f1etas humor\u00edsticas y m\u00e1s para representar los desaf\u00edos y la belleza del dise\u00f1o de Dios.<\/br>A continuaci\u00f3n le presentamos algunos de los expertos del equipo de El Arte de Ser Padres<sup>\u00ae<\/sup>.<\/p>\t\t\t\t\t\t\t\t<\/div>\n\t\t\t\t<\/div>\n\t\t\t\t\t<\/div>\n\t\t<\/div>\n\t\t\t\t<div class=\"elementor-column elementor-col-50 elementor-top-column elementor-element elementor-element-0c9ee9c\" data-id=\"0c9ee9c\" data-element_type=\"column\">\n\t\t\t<div class=\"elementor-widget-wrap\">\n\t\t\t\t\t\t\t<\/div>\n\t\t<\/div>\n\t\t\t\t\t<\/div>\n\t\t<\/section>\n\t\t\t\t<section data-particle_enable=\"false\" data-particle-mobile-disabled=\"false\" class=\"elementor-section elementor-top-section elementor-element elementor-element-b584e5f elementor-section-boxed elementor-section-height-default elementor-section-height-default\" data-id=\"b584e5f\" data-element_type=\"section\" id=\"aop-expositores-cuerpo\">\n\t\t\t\t\t\t<div class=\"elementor-container elementor-column-gap-default\">\n\t\t\t\t\t<div class=\"elementor-column elementor-col-100 elementor-top-column elementor-element elementor-element-c3b229b\" data-id=\"c3b229b\" data-element_type=\"column\">\n\t\t\t<div class=\"elementor-widget-wrap elementor-element-populated\">\n\t\t\t\t\t\t<section data-particle_enable=\"false\" data-particle-mobile-disabled=\"false\" class=\"elementor-section elementor-inner-section elementor-element elementor-element-2375a4a elementor-section-boxed elementor-section-height-default elementor-section-height-default\" data-id=\"2375a4a\" data-element_type=\"section\">\n\t\t\t\t\t\t<div class=\"elementor-container elementor-column-gap-default\">\n\t\t\t\t\t<div class=\"elementor-column elementor-col-33 elementor-inner-column elementor-element elementor-element-e291300\" data-id=\"e291300\" data-element_type=\"column\">\n\t\t\t<div class=\"elementor-widget-wrap elementor-element-populated\">\n\t\t\t\t\t\t<div class=\"elementor-element elementor-element-b744fa2 elementor-widget elementor-widget-image\" data-id=\"b744fa2\" data-element_type=\"widget\" data-widget_type=\"image.default\">\n\t\t\t\t<div class=\"elementor-widget-container\">\n\t\t\t\t\t\t\t\t\t\t\t\t\t\t\t<img decoding=\"async\" src=\"https:\/\/www.vidaenfamilia.org\/ser-padres\/wp-content\/uploads\/sites\/256\/2019\/11\/Alastair_Begg-1.jpg?w=350\" title=\"Alastair_Begg-1\" alt=\"Alastair_Begg-1\" loading=\"lazy\" \/>\t\t\t\t\t\t\t\t\t\t\t\t\t\t\t<\/div>\n\t\t\t\t<\/div>\n\t\t\t\t<div class=\"elementor-element elementor-element-844f78b elementor-widget elementor-widget-heading\" data-id=\"844f78b\" data-element_type=\"widget\" data-widget_type=\"heading.default\">\n\t\t\t\t<div class=\"elementor-widget-container\">\n\t\t\t\t\t<h3 class=\"elementor-heading-title elementor-size-default\">Alistair begg<\/h3>\t\t\t\t<\/div>\n\t\t\t\t<\/div>\n\t\t\t\t<div class=\"elementor-element elementor-element-229f045 descripcion elementor-widget elementor-widget-text-editor\" data-id=\"229f045\" data-element_type=\"widget\" data-widget_type=\"text-editor.default\">\n\t\t\t\t<div class=\"elementor-widget-container\">\n\t\t\t\t\t\t\t\t\t<p>Alistair Begg es pastor principal en la Iglesia Parkside en Chagrin Falls, Ohio (EE UU). Ha escrito varios libros y su ense\u00f1anza b\u00edblica aparece en Truth for Life, un programa de radio de alcance nacional. \u00c9l y su esposa, Susan, tienen tres hijos mayores.<\/p>\t\t\t\t\t\t\t\t<\/div>\n\t\t\t\t<\/div>\n\t\t\t\t\t<\/div>\n\t\t<\/div>\n\t\t\t\t<div class=\"elementor-column elementor-col-33 elementor-inner-column elementor-element elementor-element-518ae8e\" data-id=\"518ae8e\" data-element_type=\"column\">\n\t\t\t<div class=\"elementor-widget-wrap elementor-element-populated\">\n\t\t\t\t\t\t<div class=\"elementor-element elementor-element-8415373 elementor-widget elementor-widget-image\" data-id=\"8415373\" data-element_type=\"widget\" data-widget_type=\"image.default\">\n\t\t\t\t<div class=\"elementor-widget-container\">\n\t\t\t\t\t\t\t\t\t\t\t\t\t\t\t<img decoding=\"async\" src=\"https:\/\/www.vidaenfamilia.org\/ser-padres\/wp-content\/uploads\/sites\/256\/2019\/11\/Harold_Davis-1.jpg?w=350\" title=\"Harold_Davis-1\" alt=\"Harold_Davis-1\" loading=\"lazy\" \/>\t\t\t\t\t\t\t\t\t\t\t\t\t\t\t<\/div>\n\t\t\t\t<\/div>\n\t\t\t\t<div class=\"elementor-element elementor-element-61b1476 elementor-widget elementor-widget-heading\" data-id=\"61b1476\" data-element_type=\"widget\" data-widget_type=\"heading.default\">\n\t\t\t\t<div class=\"elementor-widget-container\">\n\t\t\t\t\t<h3 class=\"elementor-heading-title elementor-size-default\">HAROLD DAVIS<\/h3>\t\t\t\t<\/div>\n\t\t\t\t<\/div>\n\t\t\t\t<div class=\"elementor-element elementor-element-cb06e45 descripcion elementor-widget elementor-widget-text-editor\" data-id=\"cb06e45\" data-element_type=\"widget\" data-widget_type=\"text-editor.default\">\n\t\t\t\t<div class=\"elementor-widget-container\">\n\t\t\t\t\t\t\t\t\t<p>Harold Davis se desempe\u00f1a como ministro asociado en la Iglesia Bautista Cana\u00e1n de Urbana, Illinois (EE UU). Tiene una maestr\u00eda y un doctorado en ministerio con honores del Seminario Teol\u00f3gico Bethany. Harold ha escrito diversos libros, incluyendo <em>Never Alone, Can I Call You Soldier?<\/em>, y la serie curricular de mentoreo <em>TALKS<\/em>. \u00c9l y su esposa, Ollie, tienen cinco hijos adultos.<\/p>\t\t\t\t\t\t\t\t<\/div>\n\t\t\t\t<\/div>\n\t\t\t\t\t<\/div>\n\t\t<\/div>\n\t\t\t\t<div class=\"elementor-column elementor-col-33 elementor-inner-column elementor-element elementor-element-acbb621\" data-id=\"acbb621\" data-element_type=\"column\">\n\t\t\t<div class=\"elementor-widget-wrap elementor-element-populated\">\n\t\t\t\t\t\t<div class=\"elementor-element elementor-element-0876294 elementor-widget elementor-widget-image\" data-id=\"0876294\" data-element_type=\"widget\" data-widget_type=\"image.default\">\n\t\t\t\t<div class=\"elementor-widget-container\">\n\t\t\t\t\t\t\t\t\t\t\t\t\t\t\t<img decoding=\"async\" src=\"https:\/\/www.vidaenfamilia.org\/ser-padres\/wp-content\/uploads\/sites\/256\/2019\/11\/Ron_Deal.jpg?w=350\" title=\"Ron_Deal\" alt=\"Ron_Deal\" loading=\"lazy\" \/>\t\t\t\t\t\t\t\t\t\t\t\t\t\t\t<\/div>\n\t\t\t\t<\/div>\n\t\t\t\t<div class=\"elementor-element elementor-element-3a003c1 elementor-widget elementor-widget-heading\" data-id=\"3a003c1\" data-element_type=\"widget\" data-widget_type=\"heading.default\">\n\t\t\t\t<div class=\"elementor-widget-container\">\n\t\t\t\t\t<h3 class=\"elementor-heading-title elementor-size-default\">Ron Deal<\/h3>\t\t\t\t<\/div>\n\t\t\t\t<\/div>\n\t\t\t\t<div class=\"elementor-element elementor-element-e87aec6 descripcion elementor-widget elementor-widget-text-editor\" data-id=\"e87aec6\" data-element_type=\"widget\" data-widget_type=\"text-editor.default\">\n\t\t\t\t<div class=\"elementor-widget-container\">\n\t\t\t\t\t\t\t\t\t<p>Ron Deal es un autor, conferencista y terapeuta familiar. Es fundador y presidente de As For Me And My House Ministries y se desempe\u00f1a como director de FamilyLife Blended. Sus libros incluyen <em>The Smart Stepfamily<\/em> (disponible en espa\u00f1ol: Tus hijos, los m\u00edos y nosotros),<em> The Smart Stepmom<\/em> (co-escrito con Laura Petherbridge),<em> The Smart Stepdad,<\/em> y<em> Dating and the Single Parent<\/em>. Ron y su esposa, Nan, son padres de tres hijos varones.<\/p>\t\t\t\t\t\t\t\t<\/div>\n\t\t\t\t<\/div>\n\t\t\t\t\t<\/div>\n\t\t<\/div>\n\t\t\t\t\t<\/div>\n\t\t<\/section>\n\t\t\t\t<section data-particle_enable=\"false\" data-particle-mobile-disabled=\"false\" class=\"elementor-section elementor-inner-section elementor-element elementor-element-8f8a83b elementor-section-boxed elementor-section-height-default elementor-section-height-default\" data-id=\"8f8a83b\" data-element_type=\"section\">\n\t\t\t\t\t\t<div class=\"elementor-container elementor-column-gap-default\">\n\t\t\t\t\t<div class=\"elementor-column elementor-col-33 elementor-inner-column elementor-element elementor-element-ded644d\" data-id=\"ded644d\" data-element_type=\"column\">\n\t\t\t<div class=\"elementor-widget-wrap elementor-element-populated\">\n\t\t\t\t\t\t<div class=\"elementor-element elementor-element-56804d1 elementor-widget elementor-widget-image\" data-id=\"56804d1\" data-element_type=\"widget\" data-widget_type=\"image.default\">\n\t\t\t\t<div class=\"elementor-widget-container\">\n\t\t\t\t\t\t\t\t\t\t\t\t\t\t\t<img decoding=\"async\" src=\"https:\/\/www.vidaenfamilia.org\/ser-padres\/wp-content\/uploads\/sites\/256\/2019\/11\/Kevin_DeYoung-1.jpg?w=350\" title=\"Kevin_DeYoung-1\" alt=\"Kevin_DeYoung-1\" loading=\"lazy\" \/>\t\t\t\t\t\t\t\t\t\t\t\t\t\t\t<\/div>\n\t\t\t\t<\/div>\n\t\t\t\t<div class=\"elementor-element elementor-element-dbf509b elementor-widget elementor-widget-heading\" data-id=\"dbf509b\" data-element_type=\"widget\" data-widget_type=\"heading.default\">\n\t\t\t\t<div class=\"elementor-widget-container\">\n\t\t\t\t\t<h3 class=\"elementor-heading-title elementor-size-default\">Kevin DeYoung<\/h3>\t\t\t\t<\/div>\n\t\t\t\t<\/div>\n\t\t\t\t<div class=\"elementor-element elementor-element-a68c8cd descripcion elementor-widget elementor-widget-text-editor\" data-id=\"a68c8cd\" data-element_type=\"widget\" data-widget_type=\"text-editor.default\">\n\t\t\t\t<div class=\"elementor-widget-container\">\n\t\t\t\t\t\t\t\t\t<p style=\"text-align: left\">Kevin DeYoung es el pastor principal de la Iglesia Christ Covenant en Matthews, North Carolina (EE UU). Es graduado de Hope College y recibi\u00f3 su maestr\u00eda en divinidades del Seminario Teol\u00f3gico Gordon-Conwell. Kevin es autor y miembro del consejo de la <a href=\"https:\/\/www.coalicionporelevangelio.org\/\" target=\"_blank\" rel=\"noopener\">Coalici\u00f3n por el Evangelio<\/a>. \u00c9l y su esposa, Trisha, tienen siete hijos.<\/p>\t\t\t\t\t\t\t\t<\/div>\n\t\t\t\t<\/div>\n\t\t\t\t\t<\/div>\n\t\t<\/div>\n\t\t\t\t<div class=\"elementor-column elementor-col-33 elementor-inner-column elementor-element elementor-element-7dcfaa0\" data-id=\"7dcfaa0\" data-element_type=\"column\">\n\t\t\t<div class=\"elementor-widget-wrap elementor-element-populated\">\n\t\t\t\t\t\t<div class=\"elementor-element elementor-element-967a0ee elementor-widget elementor-widget-image\" data-id=\"967a0ee\" data-element_type=\"widget\" data-widget_type=\"image.default\">\n\t\t\t\t<div class=\"elementor-widget-container\">\n\t\t\t\t\t\t\t\t\t\t\t\t\t\t\t<img decoding=\"async\" src=\"https:\/\/www.vidaenfamilia.org\/ser-padres\/wp-content\/uploads\/sites\/256\/2019\/11\/Alyse_Fitzpatrick.jpg?w=350\" title=\"Alyse_Fitzpatrick\" alt=\"Alyse_Fitzpatrick\" loading=\"lazy\" \/>\t\t\t\t\t\t\t\t\t\t\t\t\t\t\t<\/div>\n\t\t\t\t<\/div>\n\t\t\t\t<div class=\"elementor-element elementor-element-c008b9c elementor-widget elementor-widget-heading\" data-id=\"c008b9c\" data-element_type=\"widget\" data-widget_type=\"heading.default\">\n\t\t\t\t<div class=\"elementor-widget-container\">\n\t\t\t\t\t<h3 class=\"elementor-heading-title elementor-size-default\">Elyse Fitzpatrick<\/h3>\t\t\t\t<\/div>\n\t\t\t\t<\/div>\n\t\t\t\t<div class=\"elementor-element elementor-element-1453c59 descripcion elementor-widget elementor-widget-text-editor\" data-id=\"1453c59\" data-element_type=\"widget\" data-widget_type=\"text-editor.default\">\n\t\t\t\t<div class=\"elementor-widget-container\">\n\t\t\t\t\t\t\t\t\t<p>Elyse Fitzpatrick tiene un certificado en consejer\u00eda b\u00edblica de Christian Counseling &amp; Educational Foundation, y una maestr\u00eda en artes en consejer\u00eda b\u00edblica del Seminario Teol\u00f3gico Trinity. Ha escrito 23 libros sobre la vida cotidiana y la vida cristiana, y es una oradora habitual en conferencias para mujeres. Ella y su esposo, Phil, tienen tres hijos adultos.<\/p>\t\t\t\t\t\t\t\t<\/div>\n\t\t\t\t<\/div>\n\t\t\t\t\t<\/div>\n\t\t<\/div>\n\t\t\t\t<div class=\"elementor-column elementor-col-33 elementor-inner-column elementor-element elementor-element-2777a49\" data-id=\"2777a49\" data-element_type=\"column\">\n\t\t\t<div class=\"elementor-widget-wrap elementor-element-populated\">\n\t\t\t\t\t\t<div class=\"elementor-element elementor-element-0a11235 elementor-widget elementor-widget-image\" data-id=\"0a11235\" data-element_type=\"widget\" data-widget_type=\"image.default\">\n\t\t\t\t<div class=\"elementor-widget-container\">\n\t\t\t\t\t\t\t\t\t\t\t\t\t\t\t<img decoding=\"async\" src=\"https:\/\/www.vidaenfamilia.org\/ser-padres\/wp-content\/uploads\/sites\/256\/2019\/11\/Danny_Huertes.jpg?w=350\" title=\"Danny_Huertes\" alt=\"Danny_Huertes\" loading=\"lazy\" \/>\t\t\t\t\t\t\t\t\t\t\t\t\t\t\t<\/div>\n\t\t\t\t<\/div>\n\t\t\t\t<div class=\"elementor-element elementor-element-b798f38 elementor-widget elementor-widget-heading\" data-id=\"b798f38\" data-element_type=\"widget\" data-widget_type=\"heading.default\">\n\t\t\t\t<div class=\"elementor-widget-container\">\n\t\t\t\t\t<h3 class=\"elementor-heading-title elementor-size-default\">Danny Huerta<\/h3>\t\t\t\t<\/div>\n\t\t\t\t<\/div>\n\t\t\t\t<div class=\"elementor-element elementor-element-a9ca5b3 descripcion elementor-widget elementor-widget-text-editor\" data-id=\"a9ca5b3\" data-element_type=\"widget\" data-widget_type=\"text-editor.default\">\n\t\t\t\t<div class=\"elementor-widget-container\">\n\t\t\t\t\t\t\t\t\t<p>Danny Huerta es trabajador social cl\u00ednico y consejero licenciado, y se desempe\u00f1a como vice presidente del departamento de Crianza y Juventud en Enfoque a la Familia. \u00c9l y su esposa, Heather, tienen dos hijos.<\/p>\t\t\t\t\t\t\t\t<\/div>\n\t\t\t\t<\/div>\n\t\t\t\t\t<\/div>\n\t\t<\/div>\n\t\t\t\t\t<\/div>\n\t\t<\/section>\n\t\t\t\t<section data-particle_enable=\"false\" data-particle-mobile-disabled=\"false\" class=\"elementor-section elementor-inner-section elementor-element elementor-element-63cd064 elementor-section-boxed elementor-section-height-default elementor-section-height-default\" data-id=\"63cd064\" data-element_type=\"section\">\n\t\t\t\t\t\t<div class=\"elementor-container elementor-column-gap-default\">\n\t\t\t\t\t<div class=\"elementor-column elementor-col-33 elementor-inner-column elementor-element elementor-element-1114516\" data-id=\"1114516\" data-element_type=\"column\">\n\t\t\t<div class=\"elementor-widget-wrap elementor-element-populated\">\n\t\t\t\t\t\t<div class=\"elementor-element elementor-element-d846915 elementor-widget elementor-widget-image\" data-id=\"d846915\" data-element_type=\"widget\" data-widget_type=\"image.default\">\n\t\t\t\t<div class=\"elementor-widget-container\">\n\t\t\t\t\t\t\t\t\t\t\t\t\t\t\t<img decoding=\"async\" src=\"https:\/\/www.vidaenfamilia.org\/ser-padres\/wp-content\/uploads\/sites\/256\/2019\/11\/Alex_Kendrick-1.jpg?w=350\" title=\"Alex_Kendrick-1\" alt=\"Alex_Kendrick-1\" loading=\"lazy\" \/>\t\t\t\t\t\t\t\t\t\t\t\t\t\t\t<\/div>\n\t\t\t\t<\/div>\n\t\t\t\t<div class=\"elementor-element elementor-element-5a36532 elementor-widget elementor-widget-heading\" data-id=\"5a36532\" data-element_type=\"widget\" data-widget_type=\"heading.default\">\n\t\t\t\t<div class=\"elementor-widget-container\">\n\t\t\t\t\t<h3 class=\"elementor-heading-title elementor-size-default\">ALEX KENDRICK<\/h3>\t\t\t\t<\/div>\n\t\t\t\t<\/div>\n\t\t\t\t<div class=\"elementor-element elementor-element-1d36373 descripcion elementor-widget elementor-widget-text-editor\" data-id=\"1d36373\" data-element_type=\"widget\" data-widget_type=\"text-editor.default\">\n\t\t\t\t<div class=\"elementor-widget-container\">\n\t\t\t\t\t\t\t\t\t<p style=\"text-align: left\">Alex Kendrick es un guionista de cine, actor y productor. Es co-fundador de Sherwood Pictures y Kendrick Brothers Productions. Es co-autor de varios libros, incluyendo <em>The Love Dare<\/em> y <em>The Resolution for Men<\/em>. Alex y su esposa, Christina, tienen seis hijos.<\/p>\t\t\t\t\t\t\t\t<\/div>\n\t\t\t\t<\/div>\n\t\t\t\t\t<\/div>\n\t\t<\/div>\n\t\t\t\t<div class=\"elementor-column elementor-col-33 elementor-inner-column elementor-element elementor-element-ecc1255\" data-id=\"ecc1255\" data-element_type=\"column\">\n\t\t\t<div class=\"elementor-widget-wrap elementor-element-populated\">\n\t\t\t\t\t\t<div class=\"elementor-element elementor-element-92c332c elementor-widget elementor-widget-image\" data-id=\"92c332c\" data-element_type=\"widget\" data-widget_type=\"image.default\">\n\t\t\t\t<div class=\"elementor-widget-container\">\n\t\t\t\t\t\t\t\t\t\t\t\t\t\t\t<img decoding=\"async\" src=\"https:\/\/www.vidaenfamilia.org\/ser-padres\/wp-content\/uploads\/sites\/256\/2019\/11\/Stephen_Kendrick-1.jpg?w=350\" title=\"Stephen_Kendrick-1\" alt=\"Stephen_Kendrick-1\" loading=\"lazy\" \/>\t\t\t\t\t\t\t\t\t\t\t\t\t\t\t<\/div>\n\t\t\t\t<\/div>\n\t\t\t\t<div class=\"elementor-element elementor-element-d23a995 elementor-widget elementor-widget-heading\" data-id=\"d23a995\" data-element_type=\"widget\" data-widget_type=\"heading.default\">\n\t\t\t\t<div class=\"elementor-widget-container\">\n\t\t\t\t\t<h3 class=\"elementor-heading-title elementor-size-default\">STEPHEN KENDRICK<\/h3>\t\t\t\t<\/div>\n\t\t\t\t<\/div>\n\t\t\t\t<div class=\"elementor-element elementor-element-35eac4e descripcion elementor-widget elementor-widget-text-editor\" data-id=\"35eac4e\" data-element_type=\"widget\" data-widget_type=\"text-editor.default\">\n\t\t\t\t<div class=\"elementor-widget-container\">\n\t\t\t\t\t\t\t\t\t<p>Stephen Kendrick es un guionista y productor, y co-autor del libro <em>The Love Dare<\/em> con su hermano Alex. Es co-fundador y miembro de junta de la Fatherhood Commission. Stephen y su esposa, Jill, tienen seis hijos.<\/p>\t\t\t\t\t\t\t\t<\/div>\n\t\t\t\t<\/div>\n\t\t\t\t\t<\/div>\n\t\t<\/div>\n\t\t\t\t<div class=\"elementor-column elementor-col-33 elementor-inner-column elementor-element elementor-element-0d865dd\" data-id=\"0d865dd\" data-element_type=\"column\">\n\t\t\t<div class=\"elementor-widget-wrap elementor-element-populated\">\n\t\t\t\t\t\t<div class=\"elementor-element elementor-element-4a2ef0e elementor-widget elementor-widget-image\" data-id=\"4a2ef0e\" data-element_type=\"widget\" data-widget_type=\"image.default\">\n\t\t\t\t<div class=\"elementor-widget-container\">\n\t\t\t\t\t\t\t\t\t\t\t\t\t\t\t<img decoding=\"async\" src=\"https:\/\/www.vidaenfamilia.org\/ser-padres\/wp-content\/uploads\/sites\/256\/2019\/11\/Tim_and_Darcy_Kimmel.jpg?w=350\" title=\"Tim_and_Darcy_Kimmel\" alt=\"Tim_and_Darcy_Kimmel\" loading=\"lazy\" \/>\t\t\t\t\t\t\t\t\t\t\t\t\t\t\t<\/div>\n\t\t\t\t<\/div>\n\t\t\t\t<div class=\"elementor-element elementor-element-d8566b3 elementor-widget elementor-widget-heading\" data-id=\"d8566b3\" data-element_type=\"widget\" data-widget_type=\"heading.default\">\n\t\t\t\t<div class=\"elementor-widget-container\">\n\t\t\t\t\t<h3 class=\"elementor-heading-title elementor-size-default\">TIM &amp; DARCY KIMMEL<\/h3>\t\t\t\t<\/div>\n\t\t\t\t<\/div>\n\t\t\t\t<div class=\"elementor-element elementor-element-7aa5fbd descripcion elementor-widget elementor-widget-text-editor\" data-id=\"7aa5fbd\" data-element_type=\"widget\" data-widget_type=\"text-editor.default\">\n\t\t\t\t<div class=\"elementor-widget-container\">\n\t\t\t\t\t\t\t\t\t<p>Tim y Darcy Kimmel llevan 41 a\u00f1os de matrimonio. Tim es fundador y director ejecutivo de Family Matters, que desarrolla recursos para familias e iglesias, y organiza conferencias a lo largo de Norteam\u00e9rica. Tambi\u00e9n es autor de <em>Grace Based Parenting<\/em> y <em>Grace Filled Marriage<\/em>. Darcy ha escrito junto a otros autores varios libros sobre la crianza, el rol que desempe\u00f1an los abuelos y relaciones familiares, y es autora para el blog de Family Matters. Los Kimmel tienen cuatro hijos mayores y numerosos nietos.<\/p>\t\t\t\t\t\t\t\t<\/div>\n\t\t\t\t<\/div>\n\t\t\t\t\t<\/div>\n\t\t<\/div>\n\t\t\t\t\t<\/div>\n\t\t<\/section>\n\t\t\t\t<section data-particle_enable=\"false\" data-particle-mobile-disabled=\"false\" class=\"elementor-section elementor-inner-section elementor-element elementor-element-7ec5bca elementor-section-boxed elementor-section-height-default elementor-section-height-default\" data-id=\"7ec5bca\" data-element_type=\"section\">\n\t\t\t\t\t\t<div class=\"elementor-container elementor-column-gap-default\">\n\t\t\t\t\t<div class=\"elementor-column elementor-col-33 elementor-inner-column elementor-element elementor-element-7006bfe\" data-id=\"7006bfe\" data-element_type=\"column\">\n\t\t\t<div class=\"elementor-widget-wrap elementor-element-populated\">\n\t\t\t\t\t\t<div class=\"elementor-element elementor-element-e97859c elementor-widget elementor-widget-image\" data-id=\"e97859c\" data-element_type=\"widget\" data-widget_type=\"image.default\">\n\t\t\t\t<div class=\"elementor-widget-container\">\n\t\t\t\t\t\t\t\t\t\t\t\t\t\t\t<img decoding=\"async\" src=\"https:\/\/www.vidaenfamilia.org\/ser-padres\/wp-content\/uploads\/sites\/256\/2019\/11\/Bryan_and_Korie_Loritts.jpg?w=350\" title=\"Bryan_and_Korie_Loritts\" alt=\"Bryan_and_Korie_Loritts\" loading=\"lazy\" \/>\t\t\t\t\t\t\t\t\t\t\t\t\t\t\t<\/div>\n\t\t\t\t<\/div>\n\t\t\t\t<div class=\"elementor-element elementor-element-d031729 elementor-widget elementor-widget-heading\" data-id=\"d031729\" data-element_type=\"widget\" data-widget_type=\"heading.default\">\n\t\t\t\t<div class=\"elementor-widget-container\">\n\t\t\t\t\t<h3 class=\"elementor-heading-title elementor-size-default\">BRYAN &amp; KORIE LORITTS<\/h3>\t\t\t\t<\/div>\n\t\t\t\t<\/div>\n\t\t\t\t<div class=\"elementor-element elementor-element-bfaeaf0 descripcion elementor-widget elementor-widget-text-editor\" data-id=\"bfaeaf0\" data-element_type=\"widget\" data-widget_type=\"text-editor.default\">\n\t\t\t\t<div class=\"elementor-widget-container\">\n\t\t\t\t\t\t\t\t\t<p style=\"text-align: left\">Bryan y Korie Loritts se desempe\u00f1an en el equipo de oradores de Fin de semana para recordar de FamilyLife. Bryan es pastor principal de Abundant Life Christian Fellowship de Silicon Valley, California (EE UU). Korie ha trabajado en varias facetas de la industria de la radiodifusi\u00f3n y es mam\u00e1 a tiempo completo para sus tres hijos.<\/p>\t\t\t\t\t\t\t\t<\/div>\n\t\t\t\t<\/div>\n\t\t\t\t\t<\/div>\n\t\t<\/div>\n\t\t\t\t<div class=\"elementor-column elementor-col-33 elementor-inner-column elementor-element elementor-element-363860b\" data-id=\"363860b\" data-element_type=\"column\">\n\t\t\t<div class=\"elementor-widget-wrap elementor-element-populated\">\n\t\t\t\t\t\t<div class=\"elementor-element elementor-element-31afcb7 elementor-widget elementor-widget-image\" data-id=\"31afcb7\" data-element_type=\"widget\" data-widget_type=\"image.default\">\n\t\t\t\t<div class=\"elementor-widget-container\">\n\t\t\t\t\t\t\t\t\t\t\t\t\t\t\t<img decoding=\"async\" src=\"https:\/\/www.vidaenfamilia.org\/ser-padres\/wp-content\/uploads\/sites\/256\/2019\/11\/Jeff_Louie.jpg?w=350\" title=\"Jeff_Louie\" alt=\"Jeff_Louie\" loading=\"lazy\" \/>\t\t\t\t\t\t\t\t\t\t\t\t\t\t\t<\/div>\n\t\t\t\t<\/div>\n\t\t\t\t<div class=\"elementor-element elementor-element-40811a8 elementor-widget elementor-widget-heading\" data-id=\"40811a8\" data-element_type=\"widget\" data-widget_type=\"heading.default\">\n\t\t\t\t<div class=\"elementor-widget-container\">\n\t\t\t\t\t<h3 class=\"elementor-heading-title elementor-size-default\">Jeff Louie<\/h3>\t\t\t\t<\/div>\n\t\t\t\t<\/div>\n\t\t\t\t<div class=\"elementor-element elementor-element-056166e descripcion elementor-widget elementor-widget-text-editor\" data-id=\"056166e\" data-element_type=\"widget\" data-widget_type=\"text-editor.default\">\n\t\t\t\t<div class=\"elementor-widget-container\">\n\t\t\t\t\t\t\t\t\t<p>Jeff Louie obtuvo su maestr\u00eda y su doctorado en teolog\u00eda del Seminario Teol\u00f3gico de Dallas. Tiene m\u00e1s de 25 a\u00f1os de experiencia pastoral y se ha desempe\u00f1ado como professor asociado en el Seminario Western desde el 2004. Jeff es miembro fundador del concilio de la Coalici\u00f3n por el Evangelio. \u00c9l y su esposa, Judy, tienen dos hijas mayores.<\/p>\t\t\t\t\t\t\t\t<\/div>\n\t\t\t\t<\/div>\n\t\t\t\t\t<\/div>\n\t\t<\/div>\n\t\t\t\t<div class=\"elementor-column elementor-col-33 elementor-inner-column elementor-element elementor-element-15bbaaa\" data-id=\"15bbaaa\" data-element_type=\"column\">\n\t\t\t<div class=\"elementor-widget-wrap elementor-element-populated\">\n\t\t\t\t\t\t<div class=\"elementor-element elementor-element-7d3142d elementor-widget elementor-widget-image\" data-id=\"7d3142d\" data-element_type=\"widget\" data-widget_type=\"image.default\">\n\t\t\t\t<div class=\"elementor-widget-container\">\n\t\t\t\t\t\t\t\t\t\t\t\t\t\t\t<img decoding=\"async\" src=\"https:\/\/www.vidaenfamilia.org\/ser-padres\/wp-content\/uploads\/sites\/256\/2019\/11\/Meg_Meeker.jpg?w=350\" title=\"Meg_Meeker\" alt=\"Meg_Meeker\" loading=\"lazy\" \/>\t\t\t\t\t\t\t\t\t\t\t\t\t\t\t<\/div>\n\t\t\t\t<\/div>\n\t\t\t\t<div class=\"elementor-element elementor-element-1b828ee elementor-widget elementor-widget-heading\" data-id=\"1b828ee\" data-element_type=\"widget\" data-widget_type=\"heading.default\">\n\t\t\t\t<div class=\"elementor-widget-container\">\n\t\t\t\t\t<h3 class=\"elementor-heading-title elementor-size-default\">Meg Meeker<\/h3>\t\t\t\t<\/div>\n\t\t\t\t<\/div>\n\t\t\t\t<div class=\"elementor-element elementor-element-7cf9623 descripcion elementor-widget elementor-widget-text-editor\" data-id=\"7cf9623\" data-element_type=\"widget\" data-widget_type=\"text-editor.default\">\n\t\t\t\t<div class=\"elementor-widget-container\">\n\t\t\t\t\t\t\t\t\t<p>Meg Meeker es pediatra, esposa, madre, oradora y autora de best sellers. Sus libros incluyen <em>Strong Fathers<\/em>, <em>Strong Daughters<\/em>; <em>Strong Mothers<\/em>, <em>Strong Sons<\/em>; <em>The Ten Habits of Happy Mothers<\/em>; y <em>Boys Should Be Boys<\/em>. Es una autoridad sobre cuestiones de salud en adolescentes y ni\u00f1os. Ella y su esposo, Walter, comparten la pr\u00e1ctica m\u00e9dica en el norte de Michigan (EE UU) y tienen cuatro hijos mayores.<\/p>\t\t\t\t\t\t\t\t<\/div>\n\t\t\t\t<\/div>\n\t\t\t\t\t<\/div>\n\t\t<\/div>\n\t\t\t\t\t<\/div>\n\t\t<\/section>\n\t\t\t\t<section data-particle_enable=\"false\" data-particle-mobile-disabled=\"false\" class=\"elementor-section elementor-inner-section elementor-element elementor-element-73de0b3 elementor-section-boxed elementor-section-height-default elementor-section-height-default\" data-id=\"73de0b3\" data-element_type=\"section\">\n\t\t\t\t\t\t<div class=\"elementor-container elementor-column-gap-default\">\n\t\t\t\t\t<div class=\"elementor-column elementor-col-33 elementor-inner-column elementor-element elementor-element-46b0109\" data-id=\"46b0109\" data-element_type=\"column\">\n\t\t\t<div class=\"elementor-widget-wrap elementor-element-populated\">\n\t\t\t\t\t\t<div class=\"elementor-element elementor-element-5095aec elementor-widget elementor-widget-image\" data-id=\"5095aec\" data-element_type=\"widget\" data-widget_type=\"image.default\">\n\t\t\t\t<div class=\"elementor-widget-container\">\n\t\t\t\t\t\t\t\t\t\t\t\t\t\t\t<img decoding=\"async\" src=\"https:\/\/www.vidaenfamilia.org\/ser-padres\/wp-content\/uploads\/sites\/256\/2019\/11\/Fred_and_Judy_Mok.jpg?w=350\" title=\"Fred_and_Judy_Mok\" alt=\"Fred_and_Judy_Mok\" loading=\"lazy\" \/>\t\t\t\t\t\t\t\t\t\t\t\t\t\t\t<\/div>\n\t\t\t\t<\/div>\n\t\t\t\t<div class=\"elementor-element elementor-element-4321808 elementor-widget elementor-widget-heading\" data-id=\"4321808\" data-element_type=\"widget\" data-widget_type=\"heading.default\">\n\t\t\t\t<div class=\"elementor-widget-container\">\n\t\t\t\t\t<h3 class=\"elementor-heading-title elementor-size-default\">Fred y Judy Mok<\/h3>\t\t\t\t<\/div>\n\t\t\t\t<\/div>\n\t\t\t\t<div class=\"elementor-element elementor-element-5f72cb9 descripcion elementor-widget elementor-widget-text-editor\" data-id=\"5f72cb9\" data-element_type=\"widget\" data-widget_type=\"text-editor.default\">\n\t\t\t\t<div class=\"elementor-widget-container\">\n\t\t\t\t\t\t\t\t\t<p style=\"text-align: left\">Fred y Judy Mok se desempe\u00f1an como parte del equipo de la Iglesia Garden City de Santa Clara, California (EE UU). Fred tiene una licenciatura en administraci\u00f3n de empresas de la Haas School of Business en UC Berkeley y una maestr\u00eda en divinidades del Seminario Western. Antes de servir en el ministerio vocacional, fue gerente de proyectos para IBM y Hitachi. Judy estudi\u00f3 en UC Berkeley y es madre de tiempo completo para sus cuatro hijos.<\/p>\t\t\t\t\t\t\t\t<\/div>\n\t\t\t\t<\/div>\n\t\t\t\t\t<\/div>\n\t\t<\/div>\n\t\t\t\t<div class=\"elementor-column elementor-col-33 elementor-inner-column elementor-element elementor-element-70161dd\" data-id=\"70161dd\" data-element_type=\"column\">\n\t\t\t<div class=\"elementor-widget-wrap elementor-element-populated\">\n\t\t\t\t\t\t<div class=\"elementor-element elementor-element-8813cd4 elementor-widget elementor-widget-image\" data-id=\"8813cd4\" data-element_type=\"widget\" data-widget_type=\"image.default\">\n\t\t\t\t<div class=\"elementor-widget-container\">\n\t\t\t\t\t\t\t\t\t\t\t\t\t\t\t<img decoding=\"async\" src=\"https:\/\/www.vidaenfamilia.org\/ser-padres\/wp-content\/uploads\/sites\/256\/2019\/11\/Dennis_and_Barbara_Rainey.jpg?w=350\" title=\"Dennis_and_Barbara_Rainey\" alt=\"Dennis_and_Barbara_Rainey\" loading=\"lazy\" \/>\t\t\t\t\t\t\t\t\t\t\t\t\t\t\t<\/div>\n\t\t\t\t<\/div>\n\t\t\t\t<div class=\"elementor-element elementor-element-1b0eebc elementor-widget elementor-widget-heading\" data-id=\"1b0eebc\" data-element_type=\"widget\" data-widget_type=\"heading.default\">\n\t\t\t\t<div class=\"elementor-widget-container\">\n\t\t\t\t\t<h3 class=\"elementor-heading-title elementor-size-default\">Dennis y Barbara Rainey<\/h3>\t\t\t\t<\/div>\n\t\t\t\t<\/div>\n\t\t\t\t<div class=\"elementor-element elementor-element-54d8398 descripcion elementor-widget elementor-widget-text-editor\" data-id=\"54d8398\" data-element_type=\"widget\" data-widget_type=\"text-editor.default\">\n\t\t\t\t<div class=\"elementor-widget-container\">\n\t\t\t\t\t\t\t\t\tDennis y Barbara Rainey son los co-fundadores de FamilyLife. Dennis se desempe\u00f1a como presentador del programa radial de alcance nacional FamilyLife Today<sup>\u00ae<\/sup> (que se transmite en espa\u00f1ol bajo el t\u00edtulo de Vida en Familia Hoy<sup>\u00ae<\/sup>). Barbara es artista y blogger. Los Rainey han escrito m\u00e1s de veinticinco libros juntos, incluyendo best sellers como <em>Moments Together for Couples<\/em> y <em>Building Your Mate\u2019s Self-Esteem<\/em>. Tienen seis hijos mayores y numerosos nietos.\t\t\t\t\t\t\t\t<\/div>\n\t\t\t\t<\/div>\n\t\t\t\t\t<\/div>\n\t\t<\/div>\n\t\t\t\t<div class=\"elementor-column elementor-col-33 elementor-inner-column elementor-element elementor-element-0bea0e8\" data-id=\"0bea0e8\" data-element_type=\"column\">\n\t\t\t<div class=\"elementor-widget-wrap elementor-element-populated\">\n\t\t\t\t\t\t<div class=\"elementor-element elementor-element-a15213f elementor-widget elementor-widget-image\" data-id=\"a15213f\" data-element_type=\"widget\" data-widget_type=\"image.default\">\n\t\t\t\t<div class=\"elementor-widget-container\">\n\t\t\t\t\t\t\t\t\t\t\t\t\t\t\t<img decoding=\"async\" src=\"https:\/\/www.vidaenfamilia.org\/ser-padres\/wp-content\/uploads\/sites\/256\/2019\/11\/Rivera.jpg?w=350\" title=\"Rivera\" alt=\"Rivera\" loading=\"lazy\" \/>\t\t\t\t\t\t\t\t\t\t\t\t\t\t\t<\/div>\n\t\t\t\t<\/div>\n\t\t\t\t<div class=\"elementor-element elementor-element-a38a3a1 elementor-widget elementor-widget-heading\" data-id=\"a38a3a1\" data-element_type=\"widget\" data-widget_type=\"heading.default\">\n\t\t\t\t<div class=\"elementor-widget-container\">\n\t\t\t\t\t<h3 class=\"elementor-heading-title elementor-size-default\">Eric y Erikah Rivera<\/h3>\t\t\t\t<\/div>\n\t\t\t\t<\/div>\n\t\t\t\t<div class=\"elementor-element elementor-element-05a67c0 descripcion elementor-widget elementor-widget-text-editor\" data-id=\"05a67c0\" data-element_type=\"widget\" data-widget_type=\"text-editor.default\">\n\t\t\t\t<div class=\"elementor-widget-container\">\n\t\t\t\t\t\t\t\t\t<p>Eric y Erikah Rivera comparten la pasi\u00f3n por cultivar matrimonios y familias saludables. Eric es el pastor principal en The Brook, una iglesia multi\u00e9tnica en Chicago (EE UU). Recibi\u00f3 su maestr\u00eda en divinidades y su doctorado en teolog\u00eda de Trinity Evangelical Divinity School. Erikah recibi\u00f3 su licenciatura en el Instituto B\u00edblico Moody y tambi\u00e9n desarrolla su servicio en la iglesia. Los Rivera tienen tres hijos.<\/p>\t\t\t\t\t\t\t\t<\/div>\n\t\t\t\t<\/div>\n\t\t\t\t\t<\/div>\n\t\t<\/div>\n\t\t\t\t\t<\/div>\n\t\t<\/section>\n\t\t\t\t<section data-particle_enable=\"false\" data-particle-mobile-disabled=\"false\" class=\"elementor-section elementor-inner-section elementor-element elementor-element-5518446 elementor-section-boxed elementor-section-height-default elementor-section-height-default\" data-id=\"5518446\" data-element_type=\"section\">\n\t\t\t\t\t\t<div class=\"elementor-container elementor-column-gap-default\">\n\t\t\t\t\t<div class=\"elementor-column elementor-col-33 elementor-inner-column elementor-element elementor-element-2f24039\" data-id=\"2f24039\" data-element_type=\"column\">\n\t\t\t<div class=\"elementor-widget-wrap elementor-element-populated\">\n\t\t\t\t\t\t<div class=\"elementor-element elementor-element-c7f37b7 elementor-widget elementor-widget-image\" data-id=\"c7f37b7\" data-element_type=\"widget\" data-widget_type=\"image.default\">\n\t\t\t\t<div class=\"elementor-widget-container\">\n\t\t\t\t\t\t\t\t\t\t\t\t\t\t\t<img decoding=\"async\" src=\"https:\/\/www.vidaenfamilia.org\/ser-padres\/wp-content\/uploads\/sites\/256\/2019\/11\/Jessica_Thompson.jpg?w=350\" title=\"Jessica_Thompson\" alt=\"Jessica_Thompson\" loading=\"lazy\" \/>\t\t\t\t\t\t\t\t\t\t\t\t\t\t\t<\/div>\n\t\t\t\t<\/div>\n\t\t\t\t<div class=\"elementor-element elementor-element-1ec6a5e elementor-widget elementor-widget-heading\" data-id=\"1ec6a5e\" data-element_type=\"widget\" data-widget_type=\"heading.default\">\n\t\t\t\t<div class=\"elementor-widget-container\">\n\t\t\t\t\t<h3 class=\"elementor-heading-title elementor-size-default\">Jessica Thompson<\/h3>\t\t\t\t<\/div>\n\t\t\t\t<\/div>\n\t\t\t\t<div class=\"elementor-element elementor-element-b949ccc descripcion elementor-widget elementor-widget-text-editor\" data-id=\"b949ccc\" data-element_type=\"widget\" data-widget_type=\"text-editor.default\">\n\t\t\t\t<div class=\"elementor-widget-container\">\n\t\t\t\t\t\t\t\t\t<p style=\"text-align: left\">Jessica Thompson es oradora en conferencias para mujeres y conferencias sobre escuela en el hogar. Es co-\u00e1utora de <em>Give Them Grace<\/em> con su madre, Elyse Fitzpatrick. Jessica y su esposo, Cody, tienen tres hijos.<\/p>\t\t\t\t\t\t\t\t<\/div>\n\t\t\t\t<\/div>\n\t\t\t\t\t<\/div>\n\t\t<\/div>\n\t\t\t\t<div class=\"elementor-column elementor-col-33 elementor-inner-column elementor-element elementor-element-667da58\" data-id=\"667da58\" data-element_type=\"column\">\n\t\t\t<div class=\"elementor-widget-wrap elementor-element-populated\">\n\t\t\t\t\t\t<div class=\"elementor-element elementor-element-311da3d elementor-widget elementor-widget-image\" data-id=\"311da3d\" data-element_type=\"widget\" data-widget_type=\"image.default\">\n\t\t\t\t<div class=\"elementor-widget-container\">\n\t\t\t\t\t\t\t\t\t\t\t\t\t\t\t<img decoding=\"async\" src=\"https:\/\/www.vidaenfamilia.org\/ser-padres\/wp-content\/uploads\/sites\/256\/2019\/11\/Dave_and_Ann_Wilson.jpg?w=350\" title=\"Dave_and_Ann_Wilson\" alt=\"Dave_and_Ann_Wilson\" loading=\"lazy\" \/>\t\t\t\t\t\t\t\t\t\t\t\t\t\t\t<\/div>\n\t\t\t\t<\/div>\n\t\t\t\t<div class=\"elementor-element elementor-element-e562c07 elementor-widget elementor-widget-heading\" data-id=\"e562c07\" data-element_type=\"widget\" data-widget_type=\"heading.default\">\n\t\t\t\t<div class=\"elementor-widget-container\">\n\t\t\t\t\t<h3 class=\"elementor-heading-title elementor-size-default\">Dave y Ann Wilson<\/h3>\t\t\t\t<\/div>\n\t\t\t\t<\/div>\n\t\t\t\t<div class=\"elementor-element elementor-element-0c3409c descripcion elementor-widget elementor-widget-text-editor\" data-id=\"0c3409c\" data-element_type=\"widget\" data-widget_type=\"text-editor.default\">\n\t\t\t\t<div class=\"elementor-widget-container\">\n\t\t\t\t\t\t\t\t\t<p>Dave y Ann Wilson son oradores conocidos en Norteam\u00e9rica en conferencias para matrimonios y familias. Dave es co-fundador y pastor principal en la Iglesia Kensington Community en Orion, Michigan (EE UU). Es capell\u00e1n de la NFL y reconocido mariscal de campo universitario en el Sal\u00f3n de la Fama. Ann equilibra la vida familiar y el ministerio profesional como oradora. Los Wilson tienen tres varones ya mayores.<\/p>\t\t\t\t\t\t\t\t<\/div>\n\t\t\t\t<\/div>\n\t\t\t\t\t<\/div>\n\t\t<\/div>\n\t\t\t\t<div class=\"elementor-column elementor-col-33 elementor-inner-column elementor-element elementor-element-59237f6\" data-id=\"59237f6\" data-element_type=\"column\">\n\t\t\t<div class=\"elementor-widget-wrap elementor-element-populated\">\n\t\t\t\t\t\t<div class=\"elementor-element elementor-element-7621504 elementor-widget elementor-widget-image\" data-id=\"7621504\" data-element_type=\"widget\" data-widget_type=\"image.default\">\n\t\t\t\t<div class=\"elementor-widget-container\">\n\t\t\t\t\t\t\t\t\t\t\t\t\t\t\t<img decoding=\"async\" src=\"https:\/\/www.vidaenfamilia.org\/ser-padres\/wp-content\/uploads\/sites\/256\/2019\/11\/Susan_Yates.jpg?w=350\" title=\"Susan_Yates\" alt=\"Susan_Yates\" loading=\"lazy\" \/>\t\t\t\t\t\t\t\t\t\t\t\t\t\t\t<\/div>\n\t\t\t\t<\/div>\n\t\t\t\t<div class=\"elementor-element elementor-element-34fd323 elementor-widget elementor-widget-heading\" data-id=\"34fd323\" data-element_type=\"widget\" data-widget_type=\"heading.default\">\n\t\t\t\t<div class=\"elementor-widget-container\">\n\t\t\t\t\t<h3 class=\"elementor-heading-title elementor-size-default\">Susan Yates<\/h3>\t\t\t\t<\/div>\n\t\t\t\t<\/div>\n\t\t\t\t<div class=\"elementor-element elementor-element-c401a70 descripcion elementor-widget elementor-widget-text-editor\" data-id=\"c401a70\" data-element_type=\"widget\" data-widget_type=\"text-editor.default\">\n\t\t\t\t<div class=\"elementor-widget-container\">\n\t\t\t\t\t\t\t\t\t<p>Susan Yates, autora y oradora, ha escrito y colaborado con numerosos libros, incluyendo <em>And Then I Had Kids<\/em>, <em>Encouragement for Parents of Teens and Preteens<\/em>, y <em>Raising Kids with Character That Lasts<\/em>. Ella y su esposo, John, que se desempe\u00f1a como pastor principal en la Iglesia The Falls en Virginia (EE UU), llevan 47 a\u00f1os de matrimonio y tienen cinco hijos y varios nietos.<\/p>\t\t\t\t\t\t\t\t<\/div>\n\t\t\t\t<\/div>\n\t\t\t\t\t<\/div>\n\t\t<\/div>\n\t\t\t\t\t<\/div>\n\t\t<\/section>\n\t\t\t\t<section data-particle_enable=\"false\" data-particle-mobile-disabled=\"false\" class=\"elementor-section elementor-inner-section elementor-element elementor-element-5f47e5e elementor-section-boxed elementor-section-height-default elementor-section-height-default\" data-id=\"5f47e5e\" data-element_type=\"section\">\n\t\t\t\t\t\t<div class=\"elementor-container elementor-column-gap-default\">\n\t\t\t\t\t<div class=\"elementor-column elementor-col-33 elementor-inner-column elementor-element elementor-element-76cb511\" data-id=\"76cb511\" data-element_type=\"column\">\n\t\t\t<div class=\"elementor-widget-wrap elementor-element-populated\">\n\t\t\t\t\t\t<div class=\"elementor-element elementor-element-3f9a6e2 elementor-widget elementor-widget-image\" data-id=\"3f9a6e2\" data-element_type=\"widget\" data-widget_type=\"image.default\">\n\t\t\t\t<div class=\"elementor-widget-container\">\n\t\t\t\t\t\t\t\t\t\t\t\t\t\t\t<img decoding=\"async\" src=\"https:\/\/www.vidaenfamilia.org\/ser-padres\/wp-content\/uploads\/sites\/256\/2019\/11\/Leslie_Barner.jpg?w=350\" title=\"Leslie_Barner\" alt=\"Leslie_Barner\" loading=\"lazy\" \/>\t\t\t\t\t\t\t\t\t\t\t\t\t\t\t<\/div>\n\t\t\t\t<\/div>\n\t\t\t\t<div class=\"elementor-element elementor-element-8ba4ab8 elementor-widget elementor-widget-heading\" data-id=\"8ba4ab8\" data-element_type=\"widget\" data-widget_type=\"heading.default\">\n\t\t\t\t<div class=\"elementor-widget-container\">\n\t\t\t\t\t<h3 class=\"elementor-heading-title elementor-size-default\">Leslie Barner<\/h3>\t\t\t\t<\/div>\n\t\t\t\t<\/div>\n\t\t\t\t<div class=\"elementor-element elementor-element-412911e descripcion elementor-widget elementor-widget-text-editor\" data-id=\"412911e\" data-element_type=\"widget\" data-widget_type=\"text-editor.default\">\n\t\t\t\t<div class=\"elementor-widget-container\">\n\t\t\t\t\t\t\t\t\t<p style=\"text-align: left\">Leslie Barner es la directora principal de desarrollo de contenido en FamilyLife. Es autora de numerosos art\u00edculos y varios libros, y ha supervisado el desarrollo de diversos recursos, incluyendo <em>El arte del matrimonio<\/em><sup>\u00ae<\/sup>, <em>M\u00e1s all\u00e1 del deber<\/em><sup>\u00ae<\/sup>, y <em>Passport2Identity<\/em><sup>TM<\/sup>. Leslie y su esposo, Aubrey, tienen cuatro hijas mayores y varios nietos.<\/p>\t\t\t\t\t\t\t\t<\/div>\n\t\t\t\t<\/div>\n\t\t\t\t\t<\/div>\n\t\t<\/div>\n\t\t\t\t<div class=\"elementor-column elementor-col-33 elementor-inner-column elementor-element elementor-element-56384d3\" data-id=\"56384d3\" data-element_type=\"column\">\n\t\t\t<div class=\"elementor-widget-wrap elementor-element-populated\">\n\t\t\t\t\t\t<div class=\"elementor-element elementor-element-90a4510 elementor-widget elementor-widget-image\" data-id=\"90a4510\" data-element_type=\"widget\" data-widget_type=\"image.default\">\n\t\t\t\t<div class=\"elementor-widget-container\">\n\t\t\t\t\t\t\t\t\t\t\t\t\t\t\t<img decoding=\"async\" src=\"https:\/\/www.vidaenfamilia.org\/ser-padres\/wp-content\/uploads\/sites\/256\/2019\/11\/Janel_Breteinstein.jpg?w=350\" title=\"Janel_Breteinstein\" alt=\"Janel_Breteinstein\" loading=\"lazy\" \/>\t\t\t\t\t\t\t\t\t\t\t\t\t\t\t<\/div>\n\t\t\t\t<\/div>\n\t\t\t\t<div class=\"elementor-element elementor-element-da13f63 elementor-widget elementor-widget-heading\" data-id=\"da13f63\" data-element_type=\"widget\" data-widget_type=\"heading.default\">\n\t\t\t\t<div class=\"elementor-widget-container\">\n\t\t\t\t\t<h3 class=\"elementor-heading-title elementor-size-default\">Janel Breitenstein<\/h3>\t\t\t\t<\/div>\n\t\t\t\t<\/div>\n\t\t\t\t<div class=\"elementor-element elementor-element-f0a6657 descripcion elementor-widget elementor-widget-text-editor\" data-id=\"f0a6657\" data-element_type=\"widget\" data-widget_type=\"text-editor.default\">\n\t\t\t\t<div class=\"elementor-widget-container\">\n\t\t\t\t\t\t\t\t\t<p>Janel Breitenstein es una autora y blogger que ha colaborado con numerosos recursos para FamilyLife. Ella y su esposo, John, tienen cuatro hijos y sirven con Engineering Ministries International, una organizaci\u00f3n de desarrollo que provee servicios de dise\u00f1o y construcci\u00f3n para las personas de escasos recursos alrededor del mundo. Tienen cuatro hijos.<\/p>\t\t\t\t\t\t\t\t<\/div>\n\t\t\t\t<\/div>\n\t\t\t\t\t<\/div>\n\t\t<\/div>\n\t\t\t\t<div class=\"elementor-column elementor-col-33 elementor-inner-column elementor-element elementor-element-37db6e3\" data-id=\"37db6e3\" data-element_type=\"column\">\n\t\t\t<div class=\"elementor-widget-wrap elementor-element-populated\">\n\t\t\t\t\t\t<div class=\"elementor-element elementor-element-7295f56 elementor-widget elementor-widget-image\" data-id=\"7295f56\" data-element_type=\"widget\" data-widget_type=\"image.default\">\n\t\t\t\t<div class=\"elementor-widget-container\">\n\t\t\t\t\t\t\t\t\t\t\t\t\t\t\t<img decoding=\"async\" src=\"https:\/\/www.vidaenfamilia.org\/ser-padres\/wp-content\/uploads\/sites\/256\/2019\/11\/Tim_Grissom.jpg?w=350\" title=\"Tim_Grissom\" alt=\"Tim_Grissom\" loading=\"lazy\" \/>\t\t\t\t\t\t\t\t\t\t\t\t\t\t\t<\/div>\n\t\t\t\t<\/div>\n\t\t\t\t<div class=\"elementor-element elementor-element-7b96487 elementor-widget elementor-widget-heading\" data-id=\"7b96487\" data-element_type=\"widget\" data-widget_type=\"heading.default\">\n\t\t\t\t<div class=\"elementor-widget-container\">\n\t\t\t\t\t<h3 class=\"elementor-heading-title elementor-size-default\">Tim Grissom<\/h3>\t\t\t\t<\/div>\n\t\t\t\t<\/div>\n\t\t\t\t<div class=\"elementor-element elementor-element-61d13ed descripcion elementor-widget elementor-widget-text-editor\" data-id=\"61d13ed\" data-element_type=\"widget\" data-widget_type=\"text-editor.default\">\n\t\t\t\t<div class=\"elementor-widget-container\">\n\t\t\t\t\t\t\t\t\t<p>Tim Grissom es el editor principal y director de publicaciones de FamilyLife. Ha escrito numerosos art\u00edculos y ha contribuido y co-escrito varios libros, incluyendo <em>Imitating Jesus<\/em> y <em>Seeking Him<\/em>. Tim y su esposa Janiece, ya fallecida, tienen cuatro hijos mayores.<\/p>\t\t\t\t\t\t\t\t<\/div>\n\t\t\t\t<\/div>\n\t\t\t\t\t<\/div>\n\t\t<\/div>\n\t\t\t\t\t<\/div>\n\t\t<\/section>\n\t\t\t\t<section data-particle_enable=\"false\" data-particle-mobile-disabled=\"false\" class=\"elementor-section elementor-inner-section elementor-element elementor-element-bfd5da4 elementor-section-boxed elementor-section-height-default elementor-section-height-default\" data-id=\"bfd5da4\" data-element_type=\"section\">\n\t\t\t\t\t\t<div class=\"elementor-container elementor-column-gap-default\">\n\t\t\t\t\t<div class=\"elementor-column elementor-col-33 elementor-inner-column elementor-element elementor-element-345a3a3\" data-id=\"345a3a3\" data-element_type=\"column\">\n\t\t\t<div class=\"elementor-widget-wrap elementor-element-populated\">\n\t\t\t\t\t\t<div class=\"elementor-element elementor-element-2196275 elementor-widget elementor-widget-image\" data-id=\"2196275\" data-element_type=\"widget\" data-widget_type=\"image.default\">\n\t\t\t\t<div class=\"elementor-widget-container\">\n\t\t\t\t\t\t\t\t\t\t\t\t\t\t\t<img decoding=\"async\" src=\"https:\/\/www.vidaenfamilia.org\/ser-padres\/wp-content\/uploads\/sites\/256\/2019\/11\/Phil_Vischer.jpg?w=350\" title=\"Phil_Vischer\" alt=\"Phil_Vischer\" loading=\"lazy\" \/>\t\t\t\t\t\t\t\t\t\t\t\t\t\t\t<\/div>\n\t\t\t\t<\/div>\n\t\t\t\t<div class=\"elementor-element elementor-element-60471ae elementor-widget elementor-widget-heading\" data-id=\"60471ae\" data-element_type=\"widget\" data-widget_type=\"heading.default\">\n\t\t\t\t<div class=\"elementor-widget-container\">\n\t\t\t\t\t<h3 class=\"elementor-heading-title elementor-size-default\">Phil Vischer<\/h3>\t\t\t\t<\/div>\n\t\t\t\t<\/div>\n\t\t\t\t<div class=\"elementor-element elementor-element-7ea4227 descripcion elementor-widget elementor-widget-text-editor\" data-id=\"7ea4227\" data-element_type=\"widget\" data-widget_type=\"text-editor.default\">\n\t\t\t\t<div class=\"elementor-widget-container\">\n\t\t\t\t\t\t\t\t\t<p style=\"text-align: left\">Phil Vischer es productor de pel\u00edculas y creador de la exitosa serie infantil <em>VeggieTales<\/em>. Tambi\u00e9n es autor del libro <em>Me, Myself &amp; Bob<\/em>, y produjo <em>What\u2019s in the Bible?<\/em>, una serie de trece cap\u00edtulos en DVD. \u00c9l y su esposa, Lisa, tienen tres hijos adultos.<\/p>\t\t\t\t\t\t\t\t<\/div>\n\t\t\t\t<\/div>\n\t\t\t\t\t<\/div>\n\t\t<\/div>\n\t\t\t\t<div class=\"elementor-column elementor-col-33 elementor-inner-column elementor-element elementor-element-9589bf1\" data-id=\"9589bf1\" data-element_type=\"column\">\n\t\t\t<div class=\"elementor-widget-wrap\">\n\t\t\t\t\t\t\t<\/div>\n\t\t<\/div>\n\t\t\t\t<div class=\"elementor-column elementor-col-33 elementor-inner-column elementor-element elementor-element-0a243df\" data-id=\"0a243df\" data-element_type=\"column\">\n\t\t\t<div class=\"elementor-widget-wrap\">\n\t\t\t\t\t\t\t<\/div>\n\t\t<\/div>\n\t\t\t\t\t<\/div>\n\t\t<\/section>\n\t\t\t\t\t<\/div>\n\t\t<\/div>\n\t\t\t\t\t<\/div>\n\t\t<\/section>\n\t\t\t\t<\/div>\n\t\t","protected":false},"excerpt":{"rendered":"<p>Expertos de El Arte de Ser Padres\u00ae de FamilyLife La serie de estudios de El Arte de Ser Padres\u00ae no es solo una grabaci\u00f3n de uno o dos oradores en una conferencia para padres. Esta serie \u00fanica de estudios b\u00edblicos en video para grupos peque\u00f1os presenta un panel de expertos confiables para ayudarnos a comprender [&hellip;]<\/p>\n","protected":false},"author":26565,"featured_media":0,"parent":0,"menu_order":0,"comment_status":"closed","ping_status":"closed","template":"","meta":{"_acf_changed":false,"inline_featured_image":false,"fl_requires_login":false,"footnotes":""},"class_list":["post-12227","page","type-page","status-publish","hentry"],"acf":[],"yoast_head":"<!-- This site is optimized with the Yoast SEO Premium plugin v18.3 (Yoast SEO v26.7) - https:\/\/yoast.com\/wordpress\/plugins\/seo\/ -->\n<title>El equipo de expositores - El Arte de Ser Padres<\/title>\n<meta name=\"robots\" content=\"index, follow, max-snippet:-1, max-image-preview:large, max-video-preview:-1\" \/>\n<link rel=\"canonical\" href=\"https:\/\/www.vidaenfamilia.org\/ser-padres\/el-equipo-de-expositores\/\" \/>\n<meta property=\"og:locale\" content=\"es_ES\" \/>\n<meta property=\"og:type\" content=\"article\" \/>\n<meta property=\"og:title\" content=\"El equipo de expositores\" \/>\n<meta property=\"og:description\" content=\"Expertos de El Arte de Ser Padres\u00ae de FamilyLife La serie de estudios de El Arte de Ser Padres\u00ae no es solo una grabaci\u00f3n de uno o dos oradores en una conferencia para padres. Esta serie \u00fanica de estudios b\u00edblicos en video para grupos peque\u00f1os presenta un panel de expertos confiables para ayudarnos a comprender [&hellip;]\" \/>\n<meta property=\"og:url\" content=\"https:\/\/www.vidaenfamilia.org\/ser-padres\/el-equipo-de-expositores\/\" \/>\n<meta property=\"og:site_name\" content=\"El Arte de Ser Padres\" \/>\n<meta property=\"article:publisher\" content=\"https:\/\/www.facebook.com\/FamilyLifeEspanol\/\" \/>\n<meta property=\"article:modified_time\" content=\"2020-02-11T18:44:11+00:00\" \/>\n<meta property=\"og:image\" content=\"https:\/\/www.vidaenfamilia.org\/ser-padres\/wp-content\/uploads\/sites\/256\/2019\/11\/Alastair_Begg-1.jpg\" \/>\n<meta name=\"twitter:card\" content=\"summary_large_image\" \/>\n<meta name=\"twitter:label1\" content=\"Tiempo de lectura\" \/>\n\t<meta name=\"twitter:data1\" content=\"7 minutos\" \/>\n<script type=\"application\/ld+json\" class=\"yoast-schema-graph\">{\"@context\":\"https:\/\/schema.org\",\"@graph\":[{\"@type\":\"WebPage\",\"@id\":\"https:\/\/www.vidaenfamilia.org\/ser-padres\/el-equipo-de-expositores\/\",\"url\":\"https:\/\/www.vidaenfamilia.org\/ser-padres\/el-equipo-de-expositores\/\",\"name\":\"El equipo de expositores - El Arte de Ser Padres\",\"isPartOf\":{\"@id\":\"https:\/\/www.vidaenfamilia.org\/ser-padres\/#website\"},\"primaryImageOfPage\":{\"@id\":\"https:\/\/www.vidaenfamilia.org\/ser-padres\/el-equipo-de-expositores\/#primaryimage\"},\"image\":{\"@id\":\"https:\/\/www.vidaenfamilia.org\/ser-padres\/el-equipo-de-expositores\/#primaryimage\"},\"thumbnailUrl\":\"https:\/\/www.vidaenfamilia.org\/ser-padres\/wp-content\/uploads\/sites\/256\/2019\/11\/Alastair_Begg-1.jpg\",\"datePublished\":\"2019-11-05T12:27:05+00:00\",\"dateModified\":\"2020-02-11T18:44:11+00:00\",\"breadcrumb\":{\"@id\":\"https:\/\/www.vidaenfamilia.org\/ser-padres\/el-equipo-de-expositores\/#breadcrumb\"},\"inLanguage\":\"es\",\"potentialAction\":[{\"@type\":\"ReadAction\",\"target\":[\"https:\/\/www.vidaenfamilia.org\/ser-padres\/el-equipo-de-expositores\/\"]}]},{\"@type\":\"ImageObject\",\"inLanguage\":\"es\",\"@id\":\"https:\/\/www.vidaenfamilia.org\/ser-padres\/el-equipo-de-expositores\/#primaryimage\",\"url\":\"https:\/\/www.vidaenfamilia.org\/ser-padres\/wp-content\/uploads\/sites\/256\/2019\/11\/Alastair_Begg-1.jpg\",\"contentUrl\":\"https:\/\/www.vidaenfamilia.org\/ser-padres\/wp-content\/uploads\/sites\/256\/2019\/11\/Alastair_Begg-1.jpg\"},{\"@type\":\"BreadcrumbList\",\"@id\":\"https:\/\/www.vidaenfamilia.org\/ser-padres\/el-equipo-de-expositores\/#breadcrumb\",\"itemListElement\":[{\"@type\":\"ListItem\",\"position\":1,\"name\":\"Home\",\"item\":\"https:\/\/www.vidaenfamilia.org\/ser-padres\/\"},{\"@type\":\"ListItem\",\"position\":2,\"name\":\"El equipo de expositores\"}]},{\"@type\":\"WebSite\",\"@id\":\"https:\/\/www.vidaenfamilia.org\/ser-padres\/#website\",\"url\":\"https:\/\/www.vidaenfamilia.org\/ser-padres\/\",\"name\":\"El Arte de Ser Padres\",\"description\":\"Just another FamilyLife Sites site\",\"publisher\":{\"@id\":\"https:\/\/www.vidaenfamilia.org\/ser-padres\/#organization\"},\"potentialAction\":[{\"@type\":\"SearchAction\",\"target\":{\"@type\":\"EntryPoint\",\"urlTemplate\":\"https:\/\/www.vidaenfamilia.org\/ser-padres\/?s={search_term_string}\"},\"query-input\":{\"@type\":\"PropertyValueSpecification\",\"valueRequired\":true,\"valueName\":\"search_term_string\"}}],\"inLanguage\":\"es\"},{\"@type\":\"Organization\",\"@id\":\"https:\/\/www.vidaenfamilia.org\/ser-padres\/#organization\",\"name\":\"Vida en Familia\",\"url\":\"https:\/\/www.vidaenfamilia.org\/ser-padres\/\",\"logo\":{\"@type\":\"ImageObject\",\"inLanguage\":\"es\",\"@id\":\"https:\/\/www.vidaenfamilia.org\/ser-padres\/#\/schema\/logo\/image\/\",\"url\":\"https:\/\/www.vidaenfamilia.org\/ser-padres\/wp-content\/uploads\/sites\/256\/2019\/09\/AOP_Logo.png\",\"contentUrl\":\"https:\/\/www.vidaenfamilia.org\/ser-padres\/wp-content\/uploads\/sites\/256\/2019\/09\/AOP_Logo.png\",\"width\":2096,\"height\":606,\"caption\":\"Vida en Familia\"},\"image\":{\"@id\":\"https:\/\/www.vidaenfamilia.org\/ser-padres\/#\/schema\/logo\/image\/\"},\"sameAs\":[\"https:\/\/www.facebook.com\/FamilyLifeEspanol\/\",\"https:\/\/www.youtube.com\/channel\/UCbSaVUomQ-OO21t-OieGOMQ\"]}]}<\/script>\n<!-- \/ Yoast SEO Premium plugin. -->","yoast_head_json":{"title":"El equipo de expositores - El Arte de Ser Padres","robots":{"index":"index","follow":"follow","max-snippet":"max-snippet:-1","max-image-preview":"max-image-preview:large","max-video-preview":"max-video-preview:-1"},"canonical":"https:\/\/www.vidaenfamilia.org\/ser-padres\/el-equipo-de-expositores\/","og_locale":"es_ES","og_type":"article","og_title":"El equipo de expositores","og_description":"Expertos de El Arte de Ser Padres\u00ae de FamilyLife La serie de estudios de El Arte de Ser Padres\u00ae no es solo una grabaci\u00f3n de uno o dos oradores en una conferencia para padres. Esta serie \u00fanica de estudios b\u00edblicos en video para grupos peque\u00f1os presenta un panel de expertos confiables para ayudarnos a comprender [&hellip;]","og_url":"https:\/\/www.vidaenfamilia.org\/ser-padres\/el-equipo-de-expositores\/","og_site_name":"El Arte de Ser Padres","article_publisher":"https:\/\/www.facebook.com\/FamilyLifeEspanol\/","article_modified_time":"2020-02-11T18:44:11+00:00","og_image":[{"url":"https:\/\/www.vidaenfamilia.org\/ser-padres\/wp-content\/uploads\/sites\/256\/2019\/11\/Alastair_Begg-1.jpg","type":"","width":"","height":""}],"twitter_card":"summary_large_image","twitter_misc":{"Tiempo de lectura":"7 minutos"},"schema":{"@context":"https:\/\/schema.org","@graph":[{"@type":"WebPage","@id":"https:\/\/www.vidaenfamilia.org\/ser-padres\/el-equipo-de-expositores\/","url":"https:\/\/www.vidaenfamilia.org\/ser-padres\/el-equipo-de-expositores\/","name":"El equipo de expositores - El Arte de Ser Padres","isPartOf":{"@id":"https:\/\/www.vidaenfamilia.org\/ser-padres\/#website"},"primaryImageOfPage":{"@id":"https:\/\/www.vidaenfamilia.org\/ser-padres\/el-equipo-de-expositores\/#primaryimage"},"image":{"@id":"https:\/\/www.vidaenfamilia.org\/ser-padres\/el-equipo-de-expositores\/#primaryimage"},"thumbnailUrl":"https:\/\/www.vidaenfamilia.org\/ser-padres\/wp-content\/uploads\/sites\/256\/2019\/11\/Alastair_Begg-1.jpg","datePublished":"2019-11-05T12:27:05+00:00","dateModified":"2020-02-11T18:44:11+00:00","breadcrumb":{"@id":"https:\/\/www.vidaenfamilia.org\/ser-padres\/el-equipo-de-expositores\/#breadcrumb"},"inLanguage":"es","potentialAction":[{"@type":"ReadAction","target":["https:\/\/www.vidaenfamilia.org\/ser-padres\/el-equipo-de-expositores\/"]}]},{"@type":"ImageObject","inLanguage":"es","@id":"https:\/\/www.vidaenfamilia.org\/ser-padres\/el-equipo-de-expositores\/#primaryimage","url":"https:\/\/www.vidaenfamilia.org\/ser-padres\/wp-content\/uploads\/sites\/256\/2019\/11\/Alastair_Begg-1.jpg","contentUrl":"https:\/\/www.vidaenfamilia.org\/ser-padres\/wp-content\/uploads\/sites\/256\/2019\/11\/Alastair_Begg-1.jpg"},{"@type":"BreadcrumbList","@id":"https:\/\/www.vidaenfamilia.org\/ser-padres\/el-equipo-de-expositores\/#breadcrumb","itemListElement":[{"@type":"ListItem","position":1,"name":"Home","item":"https:\/\/www.vidaenfamilia.org\/ser-padres\/"},{"@type":"ListItem","position":2,"name":"El equipo de expositores"}]},{"@type":"WebSite","@id":"https:\/\/www.vidaenfamilia.org\/ser-padres\/#website","url":"https:\/\/www.vidaenfamilia.org\/ser-padres\/","name":"El Arte de Ser Padres","description":"Just another FamilyLife Sites site","publisher":{"@id":"https:\/\/www.vidaenfamilia.org\/ser-padres\/#organization"},"potentialAction":[{"@type":"SearchAction","target":{"@type":"EntryPoint","urlTemplate":"https:\/\/www.vidaenfamilia.org\/ser-padres\/?s={search_term_string}"},"query-input":{"@type":"PropertyValueSpecification","valueRequired":true,"valueName":"search_term_string"}}],"inLanguage":"es"},{"@type":"Organization","@id":"https:\/\/www.vidaenfamilia.org\/ser-padres\/#organization","name":"Vida en Familia","url":"https:\/\/www.vidaenfamilia.org\/ser-padres\/","logo":{"@type":"ImageObject","inLanguage":"es","@id":"https:\/\/www.vidaenfamilia.org\/ser-padres\/#\/schema\/logo\/image\/","url":"https:\/\/www.vidaenfamilia.org\/ser-padres\/wp-content\/uploads\/sites\/256\/2019\/09\/AOP_Logo.png","contentUrl":"https:\/\/www.vidaenfamilia.org\/ser-padres\/wp-content\/uploads\/sites\/256\/2019\/09\/AOP_Logo.png","width":2096,"height":606,"caption":"Vida en Familia"},"image":{"@id":"https:\/\/www.vidaenfamilia.org\/ser-padres\/#\/schema\/logo\/image\/"},"sameAs":["https:\/\/www.facebook.com\/FamilyLifeEspanol\/","https:\/\/www.youtube.com\/channel\/UCbSaVUomQ-OO21t-OieGOMQ"]}]}},"meta_box":{"_cloudsearch_visibility":""},"_links":{"self":[{"href":"https:\/\/www.vidaenfamilia.org\/ser-padres\/wp-json\/wp\/v2\/pages\/12227","targetHints":{"allow":["GET"]}}],"collection":[{"href":"https:\/\/www.vidaenfamilia.org\/ser-padres\/wp-json\/wp\/v2\/pages"}],"about":[{"href":"https:\/\/www.vidaenfamilia.org\/ser-padres\/wp-json\/wp\/v2\/types\/page"}],"author":[{"embeddable":true,"href":"https:\/\/www.vidaenfamilia.org\/ser-padres\/wp-json\/wp\/v2\/users\/26565"}],"replies":[{"embeddable":true,"href":"https:\/\/www.vidaenfamilia.org\/ser-padres\/wp-json\/wp\/v2\/comments?post=12227"}],"version-history":[{"count":2,"href":"https:\/\/www.vidaenfamilia.org\/ser-padres\/wp-json\/wp\/v2\/pages\/12227\/revisions"}],"predecessor-version":[{"id":12321,"href":"https:\/\/www.vidaenfamilia.org\/ser-padres\/wp-json\/wp\/v2\/pages\/12227\/revisions\/12321"}],"wp:attachment":[{"href":"https:\/\/www.vidaenfamilia.org\/ser-padres\/wp-json\/wp\/v2\/media?parent=12227"}],"curies":[{"name":"wp","href":"https:\/\/api.w.org\/{rel}","templated":true}]}}